{"id":288,"date":"2023-01-16T11:03:26","date_gmt":"2023-01-16T10:03:26","guid":{"rendered":"https:\/\/www.asuntosconstitucionales.com\/?page_id=288"},"modified":"2023-12-21T19:14:56","modified_gmt":"2023-12-21T18:14:56","slug":"numero-2-enero-junio-2022","status":"publish","type":"page","link":"https:\/\/www.asuntosconstitucionales.com\/index.php\/numero-2-enero-junio-2022\/","title":{"rendered":"N\u00famero 2, enero-junio, 2022"},"content":{"rendered":"\n<section class=\"master-main row\">\n    <div class=\"page-column page-column--center\" id=\"ContentColumn\" style=\"margin-top: -50px !important;\">\n        <div class=\"content-inner-wrap\">\n            <div id=\"ArticleList\">\n                <input id=\"ArticleListPageSize\" type=\"hidden\" value=\"150\">\n                    <div class=\"article-list-resources\" id=\"resourceTypeList-OUP_Issue\">\n                        <div class=\"section-container\">\n                            <section>\n                                <h4 class=\"title articleClientType act-header\" data-level=\"1\" data-magellan-destination=\"1087503-5488841\" data-section-title=\"\" id=\"1087503-5488841\">\n                                    Art\u00edculos\n                                <\/h4>\n                            <\/section>\n                            <section>\n                                <div class=\"content al-article-list-group\" data-section-content=\"\">\n                                    <div class=\"al-article-item-wrap al-normal\">\n                                        <div class=\"al-article-items\" id=\"articulos\">\n                                            <h5 class=\"customLink item-title\" data-resource-id-access=\"5866681\">\n                                                <a href=\"\/pa\/article\/73\/4\/831\/5866681\">\n                                                <\/a>\n                                                El Parlamento en Busca de la Centralidad Perdida. Entre el Test de Stress y la Aceleraci\u00f3n de Procesos.\n                                                <img decoding=\"async\" src=\"\/iconos\/Open_Access_logo_PLoS_white.svg\" style=\"height: 15px !important;\" title=\"Open Access\">\n                                                <\/img>\n                                                <i class=\"js-access-icon-placeholder icon-availability_open\" title=\"Open Access\">\n                                                <\/i>\n                                            <\/h5>\n                                            <!-- \/.customLink -->\n                                            <div class=\"al-authors-list\">\n                                                <span class=\"wi-fullname brand-fg\">\n                                                    <a href=\"mailto:rafita@ucm.es\" style=\"color: #488699;\">\n                                                        Rafael Rubio N\u00fa\u00f1ez\n                                                        <img decoding=\"async\" src=\"\/iconos\/mail-svgrepo-com.svg\" style=\"height: 15px !important;\">\n                                                        <\/img>\n                                                    <\/a>\n                                                <\/span>\n                                                <span class=\"al-author-delim\">\n                                                    ,\n                                                <\/span>\n                                                <span class=\"wi-fullname brand-fg\">\n                                                    <a href=\"\/pdf\/2-RRubio.pdf\" style=\"color: #488699;\" target=\"_blank\" rel=\"noopener\">\n                                                        <img decoding=\"async\" src=\"\/iconos\/pdf.svg\" style=\"height: 25px !important;\">\n                                                        <\/img>\n                                                        PDF\n                                                    <\/a>\n                                                <\/span>\n                                            <\/div>\n                                            <div class=\"pub-history-row clearfix\">\n                                                <div class=\"ww-citation-primary\">\n                                                    <em>\n                                                        Asuntos Constitucionales\n                                                    <\/em>\n                                                    , n\u00famero 2, enero-junio 2022, p\u00e1ginas 5-22\n                                                <\/div>\n                                            <\/div>\n                                            <div class=\"pub-history-row clearfix\">\n                                                <div class=\"ww-citation-primary\">\n                                                    Publicaci\u00f3n on-line: 10\/10\/2022\n                                                <\/div>\n                                            <\/div>\n                                            <ul class=\"al-other-resource-links\">\n                                                <!-- Article Abstract -->\n                                                <!-- Widget:ArticleAbstract Instance: -->\n                                                <li class=\"js-abstract-parent\">\n                                                    <!-- Widget:ArticleAbstract Instance: -->\n                                                    <div class=\"resource-link resource-abstract abstract\">\n                                                        <div class=\"abstract-link\">\n                                                            <a class=\"list-group-item\" data-parent=\"#articulos\" data-target=\"#1\" data-toggle=\"collapse\" style=\"border: none !important;\">\n                                                                Abstract\n                                                                <img decoding=\"async\" src=\"\/iconos\/sort-solid.svg\" style=\"height: 15px !important;\">\n                                                                <\/img>\n                                                            <\/a>\n                                                        <\/div>\n                                                    <\/div>\n                                                    <div aria-hidden=\"true\" class=\"sublinks collapse\" id=\"1\" style=\"background-color: #EFF2F7; padding: 1.35rem;   padding-right: 1.35rem; padding-left: 1.35rem; margin-right: -1.2rem; width: 100%;\">\n                                                        <section class=\"abstract\">\n                                                            <p class=\"chapter-para\" style=\"text-align:justify;\">\n                                                                PARLIAMENTS IN SEARCH OF CENTRALITY LOST. BETWEEN THE STRESS TEST AND THE ACCELERATION OF PROCESSES Parliament has suffered particulary from the tensions caused by the Covid\u201919 pandemic around the world. To the performance of its control functions, at a time when the executive received, or assumed, extraordinary powers, it has added a progressive recovery of its legislative functions and the maintenance of its symbolic role, of \u201cessential service\u201d, transmitting with the continuity of its activity and its presence in the headquarters of national sovereignty a message of public exemplarity. These objectives have had to coexist with the maintenance of the health of its members and its staff and the need for quick and effective responses to new and unforeseen problems.\n                                                            <\/p>\n                                                        <\/section>\n                                                    <\/div>\n                                                <\/li>\n                                            <\/ul>\n                                            <!-- \/.al-other-resource-links -->\n                                            <div class=\"al-expanded-section\" hidden=\"\" id=\"target5866681\">\n                                            <\/div>\n                                        <\/div>\n                                        <!-- \/.al-article-items -->\n                                    <\/div>\n                                    <!-- \/al-article-box al-normal -->\n                                    <div class=\"al-article-item-wrap al-normal\">\n                                        <div class=\"al-article-items\" id=\"articulos\">\n                                            <h5 class=\"customLink item-title\" data-resource-id-access=\"5866681\">\n                                                <a href=\"\/pa\/article\/73\/4\/831\/5866681\">\n                                                <\/a>\n                                                Tribunal Europeo de Derechos Humanos y Modificaci\u00f3n del Sexo en los Registros Civiles: Los Derechos de las Personas Transexuales en un Camino Todav\u00eda en Construcci\u00f3n.\n                                                <img decoding=\"async\" src=\"\/iconos\/Open_Access_logo_PLoS_white.svg\" style=\"height: 15px !important;\" title=\"Open Access\">\n                                                <\/img>\n                                                <i class=\"js-access-icon-placeholder icon-availability_open\" title=\"Open Access\">\n                                                <\/i>\n                                            <\/h5>\n                                            <!-- \/.customLink -->\n                                            <div class=\"al-authors-list\">\n                                                <span class=\"wi-fullname brand-fg\">\n                                                    <a href=\"mailto:silvia.romboli@esade.edu\" style=\"color: #488699;\">\n                                                        Silvia Romboli\n                                                        <img decoding=\"async\" src=\"\/iconos\/mail-svgrepo-com.svg\" style=\"height: 15px !important;\">\n                                                        <\/img>\n                                                    <\/a>\n                                                <\/span>\n                                                <span class=\"al-author-delim\">\n                                                    ,\n                                                <\/span>\n                                                <span class=\"wi-fullname brand-fg\">\n                                                    <a href=\"\/pdf\/2-SRomboli.pdf\" style=\"color: #488699;\" target=\"_blank\" rel=\"noopener\">\n                                                        <img decoding=\"async\" src=\"\/iconos\/pdf.svg\" style=\"height: 25px !important;\">\n                                                        <\/img>\n                                                        PDF\n                                                    <\/a>\n                                                <\/span>\n                                            <\/div>\n                                            <div class=\"pub-history-row clearfix\">\n                                                <div class=\"ww-citation-primary\">\n                                                    <em>\n                                                        Asuntos Constitucionales\n                                                    <\/em>\n                                                    , n\u00famero 2, enero-junio 2022, p\u00e1ginas 23-44\n                                                <\/div>\n                                            <\/div>\n                                            <div class=\"pub-history-row clearfix\">\n                                                <div class=\"ww-citation-primary\">\n                                                    Publicaci\u00f3n on-line: 10\/10\/2022\n                                                <\/div>\n                                            <\/div>\n                                            <ul class=\"al-other-resource-links\">\n                                                <!-- Article Abstract -->\n                                                <!-- Widget:ArticleAbstract Instance: -->\n                                                <li class=\"js-abstract-parent\">\n                                                    <!-- Widget:ArticleAbstract Instance: -->\n                                                    <div class=\"resource-link resource-abstract abstract\">\n                                                        <div class=\"abstract-link\">\n                                                            <a class=\"list-group-item\" data-parent=\"#articulos\" data-target=\"#2\" data-toggle=\"collapse\" style=\"border: none !important;\">\n                                                                Abstract\n                                                                <img decoding=\"async\" src=\"\/iconos\/sort-solid.svg\" style=\"height: 15px !important;\">\n                                                                <\/img>\n                                                            <\/a>\n                                                        <\/div>\n                                                    <\/div>\n                                                    <div aria-hidden=\"true\" class=\"sublinks collapse\" id=\"2\" style=\"background-color: #EFF2F7; padding: 1.35rem;   padding-right: 1.35rem; padding-left: 1.35rem; margin-right: -1.2rem; width: 100%;\">\n                                                        <section class=\"abstract\">\n                                                            <p class=\"chapter-para\" style=\"text-align:justify;\">\n                                                                EUROPEAN COURT OF HUMAN RIGHTS AND MODIFICATION OF SEX IN CIVIL REGISTRIES: THE RIGHTS OF TRANSSEXUAL PEOPLE ON A PATH STILL UNDER CONSTRUCTION Due to the importance of the actions of the European Court of Human Rights in the construction and dissemination of common standards for the protection of human rights, both in the European environment and at the international level, this work is dedicated to compiling, with the appropriate critical considerations, the decisions of the European Court regarding the violation of human rights in the face of the refusal of the Member States of the Council of Europe to change the sex in civil registries requested by transsexuals. The main purpose of the article is, in effect, to disseminate the contents of the case-law of the ECtHR on the matter, with the aim that national institutions act in accordance with the standards elaborated by the European Court.\n                                                            <\/p>\n                                                        <\/section>\n                                                    <\/div>\n                                                <\/li>\n                                            <\/ul>\n                                            <!-- \/.al-other-resource-links -->\n                                            <div class=\"al-expanded-section\" hidden=\"\" id=\"target5866681\">\n                                            <\/div>\n                                        <\/div>\n                                        <!-- \/.al-article-items -->\n                                    <\/div>\n                                    <!-- \/al-article-box al-normal -->\n                                    <div class=\"al-article-item-wrap al-normal\">\n                                        <div class=\"al-article-items\" id=\"articulos\">\n                                            <h5 class=\"customLink item-title\" data-resource-id-access=\"5866681\">\n                                                <a href=\"\/pa\/article\/73\/4\/831\/5866681\">\n                                                <\/a>\n                                                Migraci\u00f3n: Espacios de Impunidad e Inseguridad Jur\u00eddica\n                                                <img decoding=\"async\" src=\"\/iconos\/Open_Access_logo_PLoS_white.svg\" style=\"height: 15px !important;\" title=\"Open Access\">\n                                                <\/img>\n                                                <i class=\"js-access-icon-placeholder icon-availability_open\" title=\"Open Access\">\n                                                <\/i>\n                                            <\/h5>\n                                            <!-- \/.customLink -->\n                                            <div class=\"al-authors-list\">\n                                                <span class=\"wi-fullname brand-fg\">\n                                                    <a href=\"mailto:nperez@ujaen.es\" style=\"color: #488699;\">\n                                                        Nicol\u00e1s P\u00e9rez Sola\n                                                        <img decoding=\"async\" src=\"\/iconos\/mail-svgrepo-com.svg\" style=\"height: 15px !important;\">\n                                                        <\/img>\n                                                    <\/a>\n                                                <\/span>\n                                                <span class=\"al-author-delim\">\n                                                    ,\n                                                <\/span>\n                                                <span class=\"wi-fullname brand-fg\">\n                                                    <a href=\"\/pdf\/2-NPerez.pdf\" style=\"color: #488699;\" target=\"_blank\" rel=\"noopener\">\n                                                        <img decoding=\"async\" src=\"\/iconos\/pdf.svg\" style=\"height: 25px !important;\">\n                                                        <\/img>\n                                                        PDF\n                                                    <\/a>\n                                                <\/span>\n                                            <\/div>\n                                            <div class=\"pub-history-row clearfix\">\n                                                <div class=\"ww-citation-primary\">\n                                                    <em>\n                                                        Asuntos Constitucionales\n                                                    <\/em>\n                                                    , n\u00famero 2, enero-junio 2022, p\u00e1ginas 45-56\n                                                <\/div>\n                                            <\/div>\n                                            <div class=\"pub-history-row clearfix\">\n                                                <div class=\"ww-citation-primary\">\n                                                    Publicaci\u00f3n on-line: 10\/10\/2022\n                                                <\/div>\n                                            <\/div>\n                                            <ul class=\"al-other-resource-links\">\n                                                <!-- Article Abstract -->\n                                                <!-- Widget:ArticleAbstract Instance: -->\n                                                <li class=\"js-abstract-parent\">\n                                                    <!-- Widget:ArticleAbstract Instance: -->\n                                                    <div class=\"resource-link resource-abstract abstract\">\n                                                        <div class=\"abstract-link\">\n                                                            <a class=\"list-group-item\" data-parent=\"#articulos\" data-target=\"#3\" data-toggle=\"collapse\" style=\"border: none !important;\">\n                                                                Abstract\n                                                                <img decoding=\"async\" src=\"\/iconos\/sort-solid.svg\" style=\"height: 15px !important;\">\n                                                                <\/img>\n                                                            <\/a>\n                                                        <\/div>\n                                                    <\/div>\n                                                    <div aria-hidden=\"true\" class=\"sublinks collapse\" id=\"3\" style=\"background-color: #EFF2F7; padding: 1.35rem;   padding-right: 1.35rem; padding-left: 1.35rem; margin-right: -1.2rem; width: 100%;\">\n                                                        <section class=\"abstract\">\n                                                            <p class=\"chapter-para\" style=\"text-align:justify;\">\n                                                                MIGRATIONS: SPACES OF IMPUNITY AND LEGAL INSEGURITY The manner in which migration flowsare managed enables of spaces impunity as well as the increase in legal insecurity.\n                                                            <\/p>\n                                                        <\/section>\n                                                    <\/div>\n                                                <\/li>\n                                            <\/ul>\n                                            <!-- \/.al-other-resource-links -->\n                                            <div class=\"al-expanded-section\" hidden=\"\" id=\"target5866681\">\n                                            <\/div>\n                                        <\/div>\n                                        <!-- \/.al-article-items -->\n                                    <\/div>\n                                    <!-- \/al-article-box al-normal -->\n                                    <div class=\"al-article-item-wrap al-normal\">\n                                        <div class=\"al-article-items\" id=\"articulos\">\n                                            <h5 class=\"customLink item-title\" data-resource-id-access=\"5866681\">\n                                                <a href=\"\/pa\/article\/73\/4\/831\/5866681\">\n                                                <\/a>\n                                                Los Efectos de la Pandemia COVID-19 en los Derechos Humanos: Una Aproximaci\u00f3n Internacional y Nacional\n                                                <img decoding=\"async\" src=\"\/iconos\/Open_Access_logo_PLoS_white.svg\" style=\"height: 15px !important;\" title=\"Open Access\">\n                                                <\/img>\n                                                <i class=\"js-access-icon-placeholder icon-availability_open\" title=\"Open Access\">\n                                                <\/i>\n                                            <\/h5>\n                                            <!-- \/.customLink -->\n                                            <div class=\"al-authors-list\">\n                                                <span class=\"wi-fullname brand-fg\">\n                                                    <a href=\"mailto:erelano@ucm.es\" style=\"color: #488699;\">\n                                                        Eugenia Rela\u00f1o Pastor\n                                                        <img decoding=\"async\" src=\"\/iconos\/mail-svgrepo-com.svg\" style=\"height: 15px !important;\">\n                                                        <\/img>\n                                                    <\/a>\n                                                <\/span>\n                                                <span class=\"al-author-delim\">\n                                                    ,\n                                                <\/span>\n                                                <span class=\"wi-fullname brand-fg\">\n                                                    <a href=\"\/pdf\/2-ERelano.pdf\" style=\"color: #488699;\" target=\"_blank\" rel=\"noopener\">\n                                                        <img decoding=\"async\" src=\"\/iconos\/pdf.svg\" style=\"height: 25px !important;\">\n                                                        <\/img>\n                                                        PDF\n                                                    <\/a>\n                                                <\/span>\n                                            <\/div>\n                                            <div class=\"pub-history-row clearfix\">\n                                                <div class=\"ww-citation-primary\">\n                                                    <em>\n                                                        Asuntos Constitucionales\n                                                    <\/em>\n                                                    , n\u00famero 2, enero-junio 2022, p\u00e1ginas 57-80\n                                                <\/div>\n                                            <\/div>\n                                            <div class=\"pub-history-row clearfix\">\n                                                <div class=\"ww-citation-primary\">\n                                                    Publicaci\u00f3n on-line: 10\/10\/2022\n                                                <\/div>\n                                            <\/div>\n                                            <ul class=\"al-other-resource-links\">\n                                                <!-- Article Abstract -->\n                                                <!-- Widget:ArticleAbstract Instance: -->\n                                                <li class=\"js-abstract-parent\">\n                                                    <!-- Widget:ArticleAbstract Instance: -->\n                                                    <div class=\"resource-link resource-abstract abstract\">\n                                                        <div class=\"abstract-link\">\n                                                            <a class=\"list-group-item\" data-parent=\"#articulos\" data-target=\"#4\" data-toggle=\"collapse\" style=\"border: none !important;\">\n                                                                Abstract\n                                                                <img decoding=\"async\" src=\"\/iconos\/sort-solid.svg\" style=\"height: 15px !important;\">\n                                                                <\/img>\n                                                            <\/a>\n                                                        <\/div>\n                                                    <\/div>\n                                                    <div aria-hidden=\"true\" class=\"sublinks collapse\" id=\"4\" style=\"background-color: #EFF2F7; padding: 1.35rem;   padding-right: 1.35rem; padding-left: 1.35rem; margin-right: -1.2rem; width: 100%;\">\n                                                        <section class=\"abstract\">\n                                                            <p class=\"chapter-para\" style=\"text-align:justify;\">\n                                                                COVID-19 PANDEMIC AND EFFECTS ON HUMAN RIGHTS: INTERNATIONAL AND NATIONAL PERSPECTIVES The pandemia crisis highlighted the underlying structural inequalities in our societies in different social, economic, civil, and political areas. It also revealed what is known as the pandemic within the pandemic, i.e. the impact of the Covid-19 crisis on the most vulnerable groups (women, migrants, refugees, people with disabilities, LGBTI groups, etc.). This paper analyzes the first fundamental guidelines of the United Nations in the face of Covid-19 until mid-2021, highlighting the initiatives to alleviate the deficiencies in the observance of human rights in the international community. It also analyzes the impact of the pandemia on human rights in Spain. Beyond the health field, this article explicitly mentions the Ombudsman\u2019s actions during the pandemia and the question of the limitation or derogation of human rights from the perspective of the Spanish Constitutional Court.\n                                                            <\/p>\n                                                        <\/section>\n                                                    <\/div>\n                                                <\/li>\n                                            <\/ul>\n                                            <!-- \/.al-other-resource-links -->\n                                            <div class=\"al-expanded-section\" hidden=\"\" id=\"target5866681\">\n                                            <\/div>\n                                        <\/div>\n                                        <!-- \/.al-article-items -->\n                                    <\/div>\n                                    <!-- \/al-article-box al-normal -->\n                                    <div class=\"al-article-item-wrap al-normal\">\n                                        <div class=\"al-article-items\" id=\"articulos\">\n                                            <h5 class=\"customLink item-title\" data-resource-id-access=\"5866681\">\n                                                <a href=\"\/pa\/article\/73\/4\/831\/5866681\">\n                                                <\/a>\n                                                \u00bfEs Necesario un Instrumento Internacional Nuevo para Erradicar las Pr\u00e1cticas de Sometimiento Forzoso a Explotaci\u00f3n del Ser Humano?\n                                                <img decoding=\"async\" src=\"\/iconos\/Open_Access_logo_PLoS_white.svg\" style=\"height: 15px !important;\" title=\"Open Access\">\n                                                <\/img>\n                                                <i class=\"js-access-icon-placeholder icon-availability_open\" title=\"Open Access\">\n                                                <\/i>\n                                            <\/h5>\n                                            <!-- \/.customLink -->\n                                            <div class=\"al-authors-list\">\n                                                <span class=\"wi-fullname brand-fg\">\n                                                    <a href=\"mailto:epomares@ujaen.es\" style=\"color: #488699;\">\n                                                        Esther Pomares Cintas\n                                                        <img decoding=\"async\" src=\"\/iconos\/mail-svgrepo-com.svg\" style=\"height: 15px !important;\">\n                                                        <\/img>\n                                                    <\/a>\n                                                <\/span>\n                                                <span class=\"al-author-delim\">\n                                                    ,\n                                                <\/span>\n                                                <span class=\"wi-fullname brand-fg\">\n                                                    <a href=\"\/pdf\/2-EPomares.pdf\" style=\"color: #488699;\" target=\"_blank\" rel=\"noopener\">\n                                                        <img decoding=\"async\" src=\"\/iconos\/pdf.svg\" style=\"height: 25px !important;\">\n                                                        <\/img>\n                                                        PDF\n                                                    <\/a>\n                                                <\/span>\n                                            <\/div>\n                                            <div class=\"pub-history-row clearfix\">\n                                                <div class=\"ww-citation-primary\">\n                                                    <em>\n                                                        Asuntos Constitucionales\n                                                    <\/em>\n                                                    , n\u00famero 2, enero-junio 2022, p\u00e1ginas 81-94\n                                                <\/div>\n                                            <\/div>\n                                            <div class=\"pub-history-row clearfix\">\n                                                <div class=\"ww-citation-primary\">\n                                                    Publicaci\u00f3n on-line: 10\/10\/2022\n                                                <\/div>\n                                            <\/div>\n                                            <ul class=\"al-other-resource-links\">\n                                                <!-- Article Abstract -->\n                                                <!-- Widget:ArticleAbstract Instance: -->\n                                                <li class=\"js-abstract-parent\">\n                                                    <!-- Widget:ArticleAbstract Instance: -->\n                                                    <div class=\"resource-link resource-abstract abstract\">\n                                                        <div class=\"abstract-link\">\n                                                            <a class=\"list-group-item\" data-parent=\"#articulos\" data-target=\"#5\" data-toggle=\"collapse\" style=\"border: none !important;\">\n                                                                Abstract\n                                                                <img decoding=\"async\" src=\"\/iconos\/sort-solid.svg\" style=\"height: 15px !important;\">\n                                                                <\/img>\n                                                            <\/a>\n                                                        <\/div>\n                                                    <\/div>\n                                                    <div aria-hidden=\"true\" class=\"sublinks collapse\" id=\"5\" style=\"background-color: #EFF2F7; padding: 1.35rem;   padding-right: 1.35rem; padding-left: 1.35rem; margin-right: -1.2rem; width: 100%;\">\n                                                        <section class=\"abstract\">\n                                                            <p class=\"chapter-para\" style=\"text-align:justify;\">\n                                                                IS A NEW INTERNATIONAL INSTRUMENT NECESSARY TO ERADICATE PRACTICES OF FORCED SUBJECTION TO EXPLOITATION OF HUMAN BEINGS? Neither the Palermo Protocol to Prevent, Suppress and Punish Trafficking in Persons, of 15 November 2000, nor Directive 2011\/36\/EU of the European Parliament and of the Council, of 5 April 2011, have been tools for eradicating practices of forced submission to exploitation. Its objectives look the other way: the containment of migratory movements of impoverished. The report of the Special Rapporteur on trafficking in persons, Maria Grazia Giammarinaro, of 17 July 2020, marks a necessary turning point. Given the recognition that human exploitation is \u201csystemic\u201d, the problem must be addressed from another perspective, that provided by international human rights law. Indeed, criminal law intervention in this area is the \u00ab tip of the iceberg \u00bb. Because the obligation to incriminate and persecute the most extreme human exploitation implies, unfailingly, and above all, the obligation to neutralize the factors that contribute to creating human quarries of modern slavery. That is, it entails a commitment to integrate elements of social justice. That is the best prevention.\n                                                            <\/p>\n                                                        <\/section>\n                                                    <\/div>\n                                                <\/li>\n                                            <\/ul>\n                                            <!-- \/.al-other-resource-links -->\n                                            <div class=\"al-expanded-section\" hidden=\"\" id=\"target5866681\">\n                                            <\/div>\n                                        <\/div>\n                                        <!-- \/.al-article-items -->\n                                    <\/div>\n                                    <!-- \/al-article-box al-normal -->\n                                    <div class=\"al-article-item-wrap al-normal\">\n                                        <div class=\"al-article-items\" id=\"articulos\">\n                                            <h5 class=\"customLink item-title\" data-resource-id-access=\"5866681\">\n                                                <a href=\"\/pa\/article\/73\/4\/831\/5866681\">\n                                                <\/a>\n                                                Una Mirada Socio-Jur\u00eddica Sobre la Independencia Judicial en Am\u00e9rica Latina\n                                                <img decoding=\"async\" src=\"\/iconos\/Open_Access_logo_PLoS_white.svg\" style=\"height: 15px !important;\" title=\"Open Access\">\n                                                <\/img>\n                                                <i class=\"js-access-icon-placeholder icon-availability_open\" title=\"Open Access\">\n                                                <\/i>\n                                            <\/h5>\n                                            <!-- \/.customLink -->\n                                            <div class=\"al-authors-list\">\n                                                <span class=\"wi-fullname brand-fg\">\n                                                    <a href=\"mailto:mibergoglio@gmail.com\" style=\"color: #488699;\">\n                                                        Mar\u00eda In\u00e9s Bergoglio\n                                                        <img decoding=\"async\" src=\"\/iconos\/mail-svgrepo-com.svg\" style=\"height: 15px !important;\">\n                                                        <\/img>\n                                                    <\/a>\n                                                <\/span>\n                                                <span class=\"al-author-delim\">\n                                                    ,\n                                                <\/span>\n                                                <span class=\"wi-fullname brand-fg\">\n                                                    <a href=\"\/pdf\/2-MIBergoglio.pdf\" style=\"color: #488699;\" target=\"_blank\" rel=\"noopener\">\n                                                        <img decoding=\"async\" src=\"\/iconos\/pdf.svg\" style=\"height: 25px !important;\">\n                                                        <\/img>\n                                                        PDF\n                                                    <\/a>\n                                                <\/span>\n                                            <\/div>\n                                            <div class=\"pub-history-row clearfix\">\n                                                <div class=\"ww-citation-primary\">\n                                                    <em>\n                                                        Asuntos Constitucionales\n                                                    <\/em>\n                                                    , n\u00famero 2, enero-junio 2022, p\u00e1ginas 95-106\n                                                <\/div>\n                                            <\/div>\n                                            <div class=\"pub-history-row clearfix\">\n                                                <div class=\"ww-citation-primary\">\n                                                    Publicaci\u00f3n on-line: 10\/10\/2022\n                                                <\/div>\n                                            <\/div>\n                                            <ul class=\"al-other-resource-links\">\n                                                <!-- Article Abstract -->\n                                                <!-- Widget:ArticleAbstract Instance: -->\n                                                <li class=\"js-abstract-parent\">\n                                                    <!-- Widget:ArticleAbstract Instance: -->\n                                                    <div class=\"resource-link resource-abstract abstract\">\n                                                        <div class=\"abstract-link\">\n                                                            <a class=\"list-group-item\" data-parent=\"#articulos\" data-target=\"#6\" data-toggle=\"collapse\" style=\"border: none !important;\">\n                                                                Abstract\n                                                                <img decoding=\"async\" src=\"\/iconos\/sort-solid.svg\" style=\"height: 15px !important;\">\n                                                                <\/img>\n                                                            <\/a>\n                                                        <\/div>\n                                                    <\/div>\n                                                    <div aria-hidden=\"true\" class=\"sublinks collapse\" id=\"6\" style=\"background-color: #EFF2F7; padding: 1.35rem;   padding-right: 1.35rem; padding-left: 1.35rem; margin-right: -1.2rem; width: 100%;\">\n                                                        <section class=\"abstract\">\n                                                            <p class=\"chapter-para\" style=\"text-align:justify;\">\n                                                                A SOCIO-PERSPECTIVE ON JUDICIAL INDEPENDENCE IN LATIN AMERICA In Latin America, the difficulties of judges in maintaining their independence are a chronic and widely acknowledged problem. This contribution focuses on presenting the dynamics of judicial autonomy, as it emerges from the available empirical research, rather than on analyzing its normative dimensions. It discusses research findings concerning both the ability of judges to decide freely despite pressures from political and economic powers (external independence), and their autonomy vis-\u00e0-vis those who also exercise the judiciary (internal independence). It also reflects on current challenges, such as those generated by the judicialization of politics or those arising from the Covid 19.\n                                                            <\/p>\n                                                        <\/section>\n                                                    <\/div>\n                                                <\/li>\n                                            <\/ul>\n                                            <!-- \/.al-other-resource-links -->\n                                            <div class=\"al-expanded-section\" hidden=\"\" id=\"target5866681\">\n                                            <\/div>\n                                        <\/div>\n                                        <!-- \/.al-article-items -->\n                                    <\/div>\n                                    <!-- \/al-article-box al-normal -->\n                                    <div class=\"al-article-item-wrap al-normal\">\n                                        <div class=\"al-article-items\" id=\"articulos\">\n                                            <h5 class=\"customLink item-title\" data-resource-id-access=\"5866681\">\n                                                <a href=\"\/pa\/article\/73\/4\/831\/5866681\">\n                                                <\/a>\n                                                La Independencia de la Administraci\u00f3n de Justicia en Colombia. Aspectos SocioJur\u00eddicos\n                                                <img decoding=\"async\" src=\"\/iconos\/Open_Access_logo_PLoS_white.svg\" style=\"height: 15px !important;\" title=\"Open Access\">\n                                                <\/img>\n                                                <i class=\"js-access-icon-placeholder icon-availability_open\" title=\"Open Access\">\n                                                <\/i>\n                                            <\/h5>\n                                            <!-- \/.customLink -->\n                                            <div class=\"al-authors-list\">\n                                                <span class=\"wi-fullname brand-fg\">\n                                                    <a href=\"mailto:gsilva@ucatolica.edu.co\" style=\"color: #488699;\">\n                                                        Germ\u00e1n Silva Garc\u00eda\n                                                        <img decoding=\"async\" src=\"\/iconos\/mail-svgrepo-com.svg\" style=\"height: 15px !important;\">\n                                                        <\/img>\n                                                    <\/a>\n                                                <\/span>\n                                                <span class=\"al-author-delim\">\n                                                    ,\n                                                <\/span>\n                                                <span class=\"wi-fullname brand-fg\">\n                                                    <a href=\"\/pdf\/2-GSilva.pdf\" style=\"color: #488699;\" target=\"_blank\" rel=\"noopener\">\n                                                        <img decoding=\"async\" src=\"\/iconos\/pdf.svg\" style=\"height: 25px !important;\">\n                                                        <\/img>\n                                                        PDF\n                                                    <\/a>\n                                                <\/span>\n                                            <\/div>\n                                            <div class=\"pub-history-row clearfix\">\n                                                <div class=\"ww-citation-primary\">\n                                                    <em>\n                                                        Asuntos Constitucionales\n                                                    <\/em>\n                                                    , n\u00famero 2, enero-junio 2022, p\u00e1ginas 107-122\n                                                <\/div>\n                                            <\/div>\n                                            <div class=\"pub-history-row clearfix\">\n                                                <div class=\"ww-citation-primary\">\n                                                    Publicaci\u00f3n on-line: 10\/10\/2022\n                                                <\/div>\n                                            <\/div>\n                                            <ul class=\"al-other-resource-links\">\n                                                <!-- Article Abstract -->\n                                                <!-- Widget:ArticleAbstract Instance: -->\n                                                <li class=\"js-abstract-parent\">\n                                                    <!-- Widget:ArticleAbstract Instance: -->\n                                                    <div class=\"resource-link resource-abstract abstract\">\n                                                        <div class=\"abstract-link\">\n                                                            <a class=\"list-group-item\" data-parent=\"#articulos\" data-target=\"#7\" data-toggle=\"collapse\" style=\"border: none !important;\">\n                                                                Abstract\n                                                                <img decoding=\"async\" src=\"\/iconos\/sort-solid.svg\" style=\"height: 15px !important;\">\n                                                                <\/img>\n                                                            <\/a>\n                                                        <\/div>\n                                                    <\/div>\n                                                    <div aria-hidden=\"true\" class=\"sublinks collapse\" id=\"7\" style=\"background-color: #EFF2F7; padding: 1.35rem;   padding-right: 1.35rem; padding-left: 1.35rem; margin-right: -1.2rem; width: 100%;\">\n                                                        <section class=\"abstract\">\n                                                            <p class=\"chapter-para\" style=\"text-align:justify;\">\n                                                                THE INDEPENDENCE OF THE JUDICIARY IN COLOMBIA. SOCIO-LEGAL ASPECTS The article discusses the social and political significance of the independence of the judiciary. In the case of Colombia, it analyzes the design to subordinate the judiciary to the executive power since the late 70s of the twentieth century. It recounts the resistance of judges opposed to this project, and how elites implemented a parallel justice system, while weakening the judiciary. In the final balance, what formal justice reforms failed to achieve was accomplished partially by the corruption of the administration of justice, which has seriously hurt its independence. The struggles to fully restore the autonomy of the judiciary are a top priority in today\u00b4s agenda.\n                                                            <\/p>\n                                                        <\/section>\n                                                    <\/div>\n                                                <\/li>\n                                            <\/ul>\n                                            <!-- \/.al-other-resource-links -->\n                                            <div class=\"al-expanded-section\" hidden=\"\" id=\"target5866681\">\n                                            <\/div>\n                                        <\/div>\n                                        <!-- \/.al-article-items -->\n                                    <\/div>\n                                    <!-- \/al-article-box al-normal -->\n                                    <div class=\"al-article-item-wrap al-normal\">\n                                        <div class=\"al-article-items\" id=\"articulos\">\n                                            <h5 class=\"customLink item-title\" data-resource-id-access=\"5866681\">\n                                                <a href=\"\/pa\/article\/73\/4\/831\/5866681\">\n                                                <\/a>\n                                                Desaf\u00edos de la Migraci\u00f3n Internacional en M\u00e9xico\n                                                <img decoding=\"async\" src=\"\/iconos\/Open_Access_logo_PLoS_white.svg\" style=\"height: 15px !important;\" title=\"Open Access\">\n                                                <\/img>\n                                                <i class=\"js-access-icon-placeholder icon-availability_open\" title=\"Open Access\">\n                                                <\/i>\n                                            <\/h5>\n                                            <!-- \/.customLink -->\n                                            <div class=\"al-authors-list\">\n                                                <span class=\"wi-fullname brand-fg\">\n                                                    <a href=\"mailto:elisa.garcia@unach.mx\" style=\"color: #488699;\">\n                                                        Mar\u00eda Elisa Garc\u00eda L\u00f3pez\n                                                        <img decoding=\"async\" src=\"\/iconos\/mail-svgrepo-com.svg\" style=\"height: 15px !important;\">\n                                                        <\/img>\n                                                    <\/a>\n                                                <\/span>\n                                                <span class=\"al-author-delim\">\n                                                    ,\n                                                <\/span>\n                                                <span class=\"wi-fullname brand-fg\">\n                                                    <a href=\"\/pdf\/2-MEGarcia.pdf\" style=\"color: #488699;\" target=\"_blank\" rel=\"noopener\">\n                                                        <img decoding=\"async\" src=\"\/iconos\/pdf.svg\" style=\"height: 25px !important;\">\n                                                        <\/img>\n                                                        PDF\n                                                    <\/a>\n                                                <\/span>\n                                            <\/div>\n                                            <div class=\"pub-history-row clearfix\">\n                                                <div class=\"ww-citation-primary\">\n                                                    <em>\n                                                        Asuntos Constitucionales\n                                                    <\/em>\n                                                    , n\u00famero 2, enero-junio 2022, p\u00e1ginas 123-144\n                                                <\/div>\n                                            <\/div>\n                                            <div class=\"pub-history-row clearfix\">\n                                                <div class=\"ww-citation-primary\">\n                                                    Publicaci\u00f3n on-line: 10\/10\/2022\n                                                <\/div>\n                                            <\/div>\n                                            <ul class=\"al-other-resource-links\">\n                                                <!-- Article Abstract -->\n                                                <!-- Widget:ArticleAbstract Instance: -->\n                                                <li class=\"js-abstract-parent\">\n                                                    <!-- Widget:ArticleAbstract Instance: -->\n                                                    <div class=\"resource-link resource-abstract abstract\">\n                                                        <div class=\"abstract-link\">\n                                                            <a class=\"list-group-item\" data-parent=\"#articulos\" data-target=\"#8\" data-toggle=\"collapse\" style=\"border: none !important;\">\n                                                                Abstract\n                                                                <img decoding=\"async\" src=\"\/iconos\/sort-solid.svg\" style=\"height: 15px !important;\">\n                                                                <\/img>\n                                                            <\/a>\n                                                        <\/div>\n                                                    <\/div>\n                                                    <div aria-hidden=\"true\" class=\"sublinks collapse\" id=\"8\" style=\"background-color: #EFF2F7; padding: 1.35rem;   padding-right: 1.35rem; padding-left: 1.35rem; margin-right: -1.2rem; width: 100%;\">\n                                                        <section class=\"abstract\">\n                                                            <p class=\"chapter-para\" style=\"text-align:justify;\">\n                                                                CHALLENGES OF INTERNATIONAL MIGRATION IN MEXICO This article analyzes the normative situation presented by freedom of transit in international human rights law, as a key right in migratory matters, from which could emerge a hypothetical human right to migrate. After exploring the emergence and evolution of the category of irregular immigration, finally the pillars of the Mexican migration policy implemented to control flows are studied, emphasizing the existing contradictions between it and the constitutional framework of freedom of movement.\n                                                            <\/p>\n                                                        <\/section>\n                                                    <\/div>\n                                                <\/li>\n                                            <\/ul>\n                                            <!-- \/.al-other-resource-links -->\n                                            <div class=\"al-expanded-section\" hidden=\"\" id=\"target5866681\">\n                                            <\/div>\n                                        <\/div>\n                                        <!-- \/.al-article-items -->\n                                    <\/div>\n                                    <!-- \/al-article-box al-normal -->\n                                    <div class=\"al-article-item-wrap al-normal\">\n                                        <div class=\"al-article-items\" id=\"articulos\">\n                                            <h5 class=\"customLink item-title\" data-resource-id-access=\"5866681\">\n                                                <a href=\"\/pa\/article\/73\/4\/831\/5866681\">\n                                                <\/a>\n                                                La Preocupaci\u00f3n por la Calidad de las Leyes\n                                                <img decoding=\"async\" src=\"\/iconos\/Open_Access_logo_PLoS_white.svg\" style=\"height: 15px !important;\" title=\"Open Access\">\n                                                <\/img>\n                                                <i class=\"js-access-icon-placeholder icon-availability_open\" title=\"Open Access\">\n                                                <\/i>\n                                            <\/h5>\n                                            <!-- \/.customLink -->\n                                            <div class=\"al-authors-list\">\n                                                <span class=\"wi-fullname brand-fg\">\n                                                    <a href=\"mailto:piedadga@ucm.es\" style=\"color: #488699;\">\n                                                        Piedad Garc\u00eda-Escudero M\u00e1rquez\n                                                        <img decoding=\"async\" src=\"\/iconos\/mail-svgrepo-com.svg\" style=\"height: 15px !important;\">\n                                                        <\/img>\n                                                    <\/a>\n                                                <\/span>\n                                                <span class=\"al-author-delim\">\n                                                    ,\n                                                <\/span>\n                                                <span class=\"wi-fullname brand-fg\">\n                                                    <a href=\"\/pdf\/2-PGarcia-Escudero.pdf\" style=\"color: #488699;\" target=\"_blank\" rel=\"noopener\">\n                                                        <img decoding=\"async\" src=\"\/iconos\/pdf.svg\" style=\"height: 25px !important;\">\n                                                        <\/img>\n                                                        PDF\n                                                    <\/a>\n                                                <\/span>\n                                            <\/div>\n                                            <div class=\"pub-history-row clearfix\">\n                                                <div class=\"ww-citation-primary\">\n                                                    <em>\n                                                        Asuntos Constitucionales\n                                                    <\/em>\n                                                    , n\u00famero 2, enero-junio 2022, p\u00e1ginas 145-154\n                                                <\/div>\n                                            <\/div>\n                                            <div class=\"pub-history-row clearfix\">\n                                                <div class=\"ww-citation-primary\">\n                                                    Publicaci\u00f3n on-line: 10\/10\/2022\n                                                <\/div>\n                                            <\/div>\n                                            <ul class=\"al-other-resource-links\">\n                                                <!-- Article Abstract -->\n                                                <!-- Widget:ArticleAbstract Instance: -->\n                                                <li class=\"js-abstract-parent\">\n                                                    <!-- Widget:ArticleAbstract Instance: -->\n                                                    <div class=\"resource-link resource-abstract abstract\">\n                                                        <div class=\"abstract-link\">\n                                                            <a class=\"list-group-item\" data-parent=\"#articulos\" data-target=\"#9\" data-toggle=\"collapse\" style=\"border: none !important;\">\n                                                                Abstract\n                                                                <img decoding=\"async\" src=\"\/iconos\/sort-solid.svg\" style=\"height: 15px !important;\">\n                                                                <\/img>\n                                                            <\/a>\n                                                        <\/div>\n                                                    <\/div>\n                                                    <div aria-hidden=\"true\" class=\"sublinks collapse\" id=\"9\" style=\"background-color: #EFF2F7; padding: 1.35rem;   padding-right: 1.35rem; padding-left: 1.35rem; margin-right: -1.2rem; width: 100%;\">\n                                                        <section class=\"abstract\">\n                                                            <p class=\"chapter-para\" style=\"text-align:justify;\">\n                                                                THE CONCERN FOR THE QUALITY OF THE LAW The concern for the quality of the law is not new, but it has known a boom in the contemporary world, in which the laws multiply and the legal system becomes so complex. This paper analyzes the evolution in Spain in terms of legislative technique, as well as the scarce advances in the doctrine of the Constitutional Court, despite the fact that the flaws in laws and the obscurity of the legal system may damage legal certainty, a principle recognized by the Constitution. . A reflection on the state of the matter and the pending improvements, especially in regulatory impact assessment, shows that the advances may not be sufficient if the rules already adopted are not observed in law-making. On the other hand, the situation created by the COVID-19 pandemic has caused an excessive legislative proliferation, with trends -such as the excess of emergency decree-laws- that still remain.\n                                                            <\/p>\n                                                        <\/section>\n                                                    <\/div>\n                                                <\/li>\n                                            <\/ul>\n                                            <!-- \/.al-other-resource-links -->\n                                            <div class=\"al-expanded-section\" hidden=\"\" id=\"target5866681\">\n                                            <\/div>\n                                        <\/div>\n                                        <!-- \/.al-article-items -->\n                                    <\/div>\n                                    <!-- \/al-article-box al-normal -->\n                                    <div class=\"al-article-item-wrap al-normal\">\n                                        <div class=\"al-article-items\" id=\"articulos\">\n                                            <h5 class=\"customLink item-title\" data-resource-id-access=\"5866681\">\n                                                <a href=\"\/pa\/article\/73\/4\/831\/5866681\">\n                                                <\/a>\n                                                Migraci\u00f3n en el Tri\u00e1ngulo Norte (de Centroam\u00e9rica): Vulnerabilidad y Riesgos\n                                                <img decoding=\"async\" src=\"\/iconos\/Open_Access_logo_PLoS_white.svg\" style=\"height: 15px !important;\" title=\"Open Access\">\n                                                <\/img>\n                                                <i class=\"js-access-icon-placeholder icon-availability_open\" title=\"Open Access\">\n                                                <\/i>\n                                            <\/h5>\n                                            <!-- \/.customLink -->\n                                            <div class=\"al-authors-list\">\n                                                <span class=\"wi-fullname brand-fg\">\n                                                    <a href=\"mailto:enarubir@gmail.com\" style=\"color: #488699;\">\n                                                        Ena Rubi Ram\u00edrez Su\u00e1rez\n                                                        <img decoding=\"async\" src=\"\/iconos\/mail-svgrepo-com.svg\" style=\"height: 15px !important;\">\n                                                        <\/img>\n                                                    <\/a>\n                                                <\/span>\n                                                <span class=\"al-author-delim\">\n                                                    ,\n                                                <\/span>\n                                                <span class=\"wi-fullname brand-fg\">\n                                                    <a href=\"\/pdf\/2-ERubi.pdf\" style=\"color: #488699;\" target=\"_blank\" rel=\"noopener\">\n                                                        <img decoding=\"async\" src=\"\/iconos\/pdf.svg\" style=\"height: 25px !important;\">\n                                                        <\/img>\n                                                        PDF\n                                                    <\/a>\n                                                <\/span>\n                                            <\/div>\n                                            <div class=\"pub-history-row clearfix\">\n                                                <div class=\"ww-citation-primary\">\n                                                    <em>\n                                                        Asuntos Constitucionales\n                                                    <\/em>\n                                                    , n\u00famero 2, enero-junio 2022, p\u00e1ginas 155-163\n                                                <\/div>\n                                            <\/div>\n                                            <div class=\"pub-history-row clearfix\">\n                                                <div class=\"ww-citation-primary\">\n                                                    Publicaci\u00f3n on-line: 10\/10\/2022\n                                                <\/div>\n                                            <\/div>\n                                            <ul class=\"al-other-resource-links\">\n                                                <!-- Article Abstract -->\n                                                <!-- Widget:ArticleAbstract Instance: -->\n                                                <li class=\"js-abstract-parent\">\n                                                    <!-- Widget:ArticleAbstract Instance: -->\n                                                    <div class=\"resource-link resource-abstract abstract\">\n                                                        <div class=\"abstract-link\">\n                                                            <a class=\"list-group-item\" data-parent=\"#articulos\" data-target=\"#10\" data-toggle=\"collapse\" style=\"border: none !important;\">\n                                                                Abstract\n                                                                <img decoding=\"async\" src=\"\/iconos\/sort-solid.svg\" style=\"height: 15px !important;\">\n                                                                <\/img>\n                                                            <\/a>\n                                                        <\/div>\n                                                    <\/div>\n                                                    <div aria-hidden=\"true\" class=\"sublinks collapse\" id=\"10\" style=\"background-color: #EFF2F7; padding: 1.35rem;   padding-right: 1.35rem; padding-left: 1.35rem; margin-right: -1.2rem; width: 100%;\">\n                                                        <section class=\"abstract\">\n                                                            <p class=\"chapter-para\" style=\"text-align:justify;\">\n                                                                MIGRATION IN THE NORTHERN TRIANGLE (OF CENTRAL AMERICA): VULNERABILITY AND RISKS The Northern Triangle of Central America (NTCA) is formed by three countries: Guatemala, Honduras and El Salvador; so called due to their economic integration and trifinios border points, also, they are referred to by the migratory flows that allude from historical and current reasons that have been gaining relevance in recent years. The emergence of new manifestations in Central American migration makes this study the importance of dealing with issues of vulnerability and risks, especially of migrants in irregular conditions in transit through Mexico to the United States of America.\n                                                            <\/p>\n                                                        <\/section>\n                                                    <\/div>\n                                                <\/li>\n                                            <\/ul>\n                                            <!-- \/.al-other-resource-links -->\n                                            <div class=\"al-expanded-section\" hidden=\"\" id=\"target5866681\">\n                                            <\/div>\n                                        <\/div>\n                                        <!-- \/.al-article-items -->\n                                    <\/div>\n                                <\/div>\n                            <\/section>\n                        <\/div>\n                    <\/div>\n                    <!-- \/#resourceTypeList-[instanceName] -->\n                <\/input>\n            <\/div>\n            <!--<div class=\"issue-browse__supplement-list-wrap\">\n                <ul class=\"issue-browse__supplement-list\">\n                    <li>\n                        <a class=\"al-link pdf article-pdfLink\" href=\"\/pa\/issue-pdf\/73\/4\/33836356\">\n                            <img decoding=\"async\" alt=\"pdf\" src=\"\/\/oup.silverchair-cdn.com\/UI\/app\/svg\/pdf.svg\">\n                                <i class=\"icon-file-pdf\">\n                                <\/i>\n                                <span>\n                                    Front Matter\n                                <\/span>\n                            <\/img>\n                        <\/a>\n                    <\/li>\n                    <li>\n                        <a class=\"al-link pdf article-pdfLink\" href=\"\/pa\/issue-pdf\/73\/4\/33836358\">\n                            <img decoding=\"async\" alt=\"pdf\" src=\"\/\/oup.silverchair-cdn.com\/UI\/app\/svg\/pdf.svg\">\n                                <i class=\"icon-file-pdf\">\n                                <\/i>\n                                <span>\n                                    Table of Contents\n                                <\/span>\n                            <\/img>\n                        <\/a>\n                    <\/li>\n                    <li>\n                        <a class=\"al-link pdf article-pdfLink\" href=\"\/pa\/issue-pdf\/73\/4\/33836357\">\n                            <img decoding=\"async\" alt=\"pdf\" src=\"\/\/oup.silverchair-cdn.com\/UI\/app\/svg\/pdf.svg\">\n                                <i class=\"icon-file-pdf\">\n                                <\/i>\n                                <span>\n                                    Back Matter\n                                <\/span>\n                            <\/img>\n                        <\/a>\n                    <\/li>\n                <\/ul>\n            <\/div>\n            <div class=\"all-issues\">\n                <a href=\"\/pa\/issue-archive\">\n                    All issues\n                <\/a>\n            <\/div>-->\n        <\/div>\n    <\/div>\n<\/section>\n","protected":false},"excerpt":{"rendered":"<p>Art\u00edculos El Parlamento en Busca de la Centralidad Perdida. Entre el Test de Stress y la Aceleraci\u00f3n de Procesos. Rafael Rubio N\u00fa\u00f1ez , PDF Asuntos Constitucionales , n\u00famero 2, enero-junio 2022, p\u00e1ginas 5-22 Publicaci\u00f3n on-line: 10\/10\/2022 Abstract PARLIAMENTS IN SEARCH <a href=\"https:\/\/www.asuntosconstitucionales.com\/index.php\/numero-2-enero-junio-2022\/\"> Read more&#8230;<\/a><\/p>\n","protected":false},"author":1,"featured_media":0,"parent":0,"menu_order":0,"comment_status":"closed","ping_status":"closed","template":"template-right-sidebar.php","meta":[],"_links":{"self":[{"href":"https:\/\/www.asuntosconstitucionales.com\/index.php\/wp-json\/wp\/v2\/pages\/288"}],"collection":[{"href":"https:\/\/www.asuntosconstitucionales.com\/index.php\/wp-json\/wp\/v2\/pages"}],"about":[{"href":"https:\/\/www.asuntosconstitucionales.com\/index.php\/wp-json\/wp\/v2\/types\/page"}],"author":[{"embeddable":true,"href":"https:\/\/www.asuntosconstitucionales.com\/index.php\/wp-json\/wp\/v2\/users\/1"}],"replies":[{"embeddable":true,"href":"https:\/\/www.asuntosconstitucionales.com\/index.php\/wp-json\/wp\/v2\/comments?post=288"}],"version-history":[{"count":3,"href":"https:\/\/www.asuntosconstitucionales.com\/index.php\/wp-json\/wp\/v2\/pages\/288\/revisions"}],"predecessor-version":[{"id":294,"href":"https:\/\/www.asuntosconstitucionales.com\/index.php\/wp-json\/wp\/v2\/pages\/288\/revisions\/294"}],"wp:attachment":[{"href":"https:\/\/www.asuntosconstitucionales.com\/index.php\/wp-json\/wp\/v2\/media?parent=288"}],"curies":[{"name":"wp","href":"https:\/\/api.w.org\/{rel}","templated":true}]}}