{"id":297,"date":"2023-12-21T19:01:18","date_gmt":"2023-12-21T18:01:18","guid":{"rendered":"https:\/\/www.asuntosconstitucionales.com\/?page_id=297"},"modified":"2023-12-21T19:08:52","modified_gmt":"2023-12-21T18:08:52","slug":"numero-3-julio-diciembre-2022","status":"publish","type":"page","link":"https:\/\/www.asuntosconstitucionales.com\/","title":{"rendered":"N\u00famero 3, julio-diciembre, 2022"},"content":{"rendered":"\n<section class=\"master-main row\">\n    <div class=\"page-column page-column--center\" id=\"ContentColumn\" style=\"margin-top: -50px !important;\">\n        <div class=\"content-inner-wrap\">\n            <div id=\"ArticleList\">\n                <input id=\"ArticleListPageSize\" type=\"hidden\" value=\"150\">\n                    <div class=\"article-list-resources\" id=\"resourceTypeList-OUP_Issue\">\n                        <div class=\"section-container\">\n                            <section>\n                                <h4 class=\"title articleClientType act-header\" data-level=\"1\" data-magellan-destination=\"1087503-5488841\" data-section-title=\"\" id=\"1087503-5488841\">\n                                    Art\u00edculos\n                                <\/h4>\n                            <\/section>\n                            <section>\n                                <div class=\"content al-article-list-group\" data-section-content=\"\">\n                                    <div class=\"al-article-item-wrap al-normal\">\n                                        <div class=\"al-article-items\" id=\"articulos\">\n                                            <h5 class=\"customLink item-title\" data-resource-id-access=\"5866681\">\n                                                <a href=\"\/pa\/article\/73\/4\/831\/5866681\">\n                                                <\/a>\n                                                Desde los c\u00f3digos, constituci\u00f3n de la burgues\u00eda, hacia la \u00abhiperconstitucionalizaci\u00f3n\u201d del derecho civil globalizado\n                                                <img decoding=\"async\" src=\"\/iconos\/Open_Access_logo_PLoS_white.svg\" style=\"height: 15px !important;\" title=\"Open Access\">\n                                                <\/img>\n                                                <i class=\"js-access-icon-placeholder icon-availability_open\" title=\"Open Access\">\n                                                <\/i>\n                                            <\/h5>\n                                            <!-- \/.customLink -->\n                                            <div class=\"al-authors-list\">\n                                                <span class=\"wi-fullname brand-fg\">\n                                                    <a href=\"mailto:luciopegoraro@hotmail.com\" style=\"color: #488699;\">\n                                                        Lucio Pegoraro\n                                                        <img decoding=\"async\" src=\"\/iconos\/mail-svgrepo-com.svg\" style=\"height: 15px !important;\">\n                                                        <\/img>\n                                                    <\/a>\n                                                <\/span>\n                                                <span class=\"al-author-delim\">\n                                                    ,\n                                                <\/span>\n                                                <span class=\"wi-fullname brand-fg\">\n                                                    <a href=\"\/pdf\/3-LPegoraro.pdf\" style=\"color: #488699;\" target=\"_blank\" rel=\"noopener\">\n                                                        <img decoding=\"async\" src=\"\/iconos\/pdf.svg\" style=\"height: 25px !important;\">\n                                                        <\/img>\n                                                        PDF\n                                                    <\/a>\n                                                <\/span>\n                                            <\/div>\n                                            <div class=\"pub-history-row clearfix\">\n                                                <div class=\"ww-citation-primary\">\n                                                    <em>\n                                                        Asuntos Constitucionales\n                                                    <\/em>\n                                                    , n\u00famero 3, julio-diciembre 2022, p\u00e1ginas 5-25\n                                                <\/div>\n                                            <\/div>\n                                            <div class=\"pub-history-row clearfix\">\n                                                <div class=\"ww-citation-primary\">\n                                                    Publicaci\u00f3n on-line: 30\/11\/2023\n                                                <\/div>\n                                            <\/div>\n                                            <ul class=\"al-other-resource-links\">\n                                                <!-- Article Abstract -->\n                                                <!-- Widget:ArticleAbstract Instance: -->\n                                                <li class=\"js-abstract-parent\">\n                                                    <!-- Widget:ArticleAbstract Instance: -->\n                                                    <div class=\"resource-link resource-abstract abstract\">\n                                                        <div class=\"abstract-link\">\n                                                            <a class=\"list-group-item\" data-parent=\"#articulos\" data-target=\"#1\" data-toggle=\"collapse\" style=\"border: none !important;\">\n                                                                Abstract\n                                                                <img decoding=\"async\" src=\"\/iconos\/sort-solid.svg\" style=\"height: 15px !important;\">\n                                                                <\/img>\n                                                            <\/a>\n                                                        <\/div>\n                                                    <\/div>\n                                                    <div aria-hidden=\"true\" class=\"sublinks collapse\" id=\"1\" style=\"background-color: #EFF2F7; padding: 1.35rem;   padding-right: 1.35rem; padding-left: 1.35rem; margin-right: -1.2rem; width: 100%;\">\n                                                        <section class=\"abstract\">\n                                                            <p class=\"chapter-para\" style=\"text-align:justify;\">\n                                                                The article addresses the thesis that civil law \u2013 i.e. the relationships amongst individuals \u2013 substantially is the\u201ctrue\u201d constitution. To this end, the essay points out that in such cases where constitutional provisions aim atframing economic rules and property rights in conflict with the effective rules as performed by individuals,the constitution itself may be considered valid, but not effective. Furthermore, the analysis focuses on therole of legal codes during three phases: i) liberalism; ii) liberal-democratic; iii) (current) globalization. Inparticular, the \u201cductilisation\u201d of sources, especially by transnational and soft law, and the construction of a\u201chyper-constitution\u201d (established by the binomial scholarship-jurisprudence, and considered immutable,eternal, and with universalistic pretensions) are in conflict with the civil law currently in force almost globally,complementing the \u201cimperial\u201d design of globalization.\n                                                            <\/p>\n                                                        <\/section>\n                                                    <\/div>\n                                                <\/li>\n                                            <\/ul>\n                                            <!-- \/.al-other-resource-links -->\n                                            <div class=\"al-expanded-section\" hidden=\"\" id=\"target5866681\">\n                                            <\/div>\n                                        <\/div>\n                                        <!-- \/.al-article-items -->\n                                    <\/div>\n                                    <!-- \/al-article-box al-normal -->\n                                    <div class=\"al-article-item-wrap al-normal\">\n                                        <div class=\"al-article-items\" id=\"articulos\">\n                                            <h5 class=\"customLink item-title\" data-resource-id-access=\"5866681\">\n                                                <a href=\"\/pa\/article\/73\/4\/831\/5866681\">\n                                                <\/a>\n                                                \u201cEl contenido esencial del ius in officium y su limitaci\u00f3n por la declaraci\u00f3n del estado de alarma. Comentario a la STC 168\/2021\u201d\n                                                <img decoding=\"async\" src=\"\/iconos\/Open_Access_logo_PLoS_white.svg\" style=\"height: 15px !important;\" title=\"Open Access\">\n                                                <\/img>\n                                                <i class=\"js-access-icon-placeholder icon-availability_open\" title=\"Open Access\">\n                                                <\/i>\n                                            <\/h5>\n                                            <!-- \/.customLink -->\n                                            <div class=\"al-authors-list\">\n                                                <span class=\"wi-fullname brand-fg\">\n                                                    <a href=\"mailto:nperez@ujaen.es\" style=\"color: #488699;\">\n                                                        Nicol\u00e1s P\u00e9rez Sola\n                                                        <img decoding=\"async\" src=\"\/iconos\/mail-svgrepo-com.svg\" style=\"height: 15px !important;\">\n                                                        <\/img>\n                                                    <\/a>\n                                                <\/span>\n                                                <span class=\"al-author-delim\">\n                                                    ,\n                                                <\/span>\n                                                <span class=\"wi-fullname brand-fg\">\n                                                    <a href=\"\/pdf\/3-NPerez.pdf\" style=\"color: #488699;\" target=\"_blank\" rel=\"noopener\">\n                                                        <img decoding=\"async\" src=\"\/iconos\/pdf.svg\" style=\"height: 25px !important;\">\n                                                        <\/img>\n                                                        PDF\n                                                    <\/a>\n                                                <\/span>\n                                            <\/div>\n                                            <div class=\"pub-history-row clearfix\">\n                                                <div class=\"ww-citation-primary\">\n                                                    <em>\n                                                        Asuntos Constitucionales\n                                                    <\/em>\n                                                    , n\u00famero 3, julio-diciembre 2022, p\u00e1ginas 27-37\n                                                <\/div>\n                                            <\/div>\n                                            <div class=\"pub-history-row clearfix\">\n                                                <div class=\"ww-citation-primary\">\n                                                    Publicaci\u00f3n on-line: 30\/11\/2023\n                                                <\/div>\n                                            <\/div>\n                                            <ul class=\"al-other-resource-links\">\n                                                <!-- Article Abstract -->\n                                                <!-- Widget:ArticleAbstract Instance: -->\n                                                <li class=\"js-abstract-parent\">\n                                                    <!-- Widget:ArticleAbstract Instance: -->\n                                                    <div class=\"resource-link resource-abstract abstract\">\n                                                        <div class=\"abstract-link\">\n                                                            <a class=\"list-group-item\" data-parent=\"#articulos\" data-target=\"#2\" data-toggle=\"collapse\" style=\"border: none !important;\">\n                                                                Abstract\n                                                                <img decoding=\"async\" src=\"\/iconos\/sort-solid.svg\" style=\"height: 15px !important;\">\n                                                                <\/img>\n                                                            <\/a>\n                                                        <\/div>\n                                                    <\/div>\n                                                    <div aria-hidden=\"true\" class=\"sublinks collapse\" id=\"2\" style=\"background-color: #EFF2F7; padding: 1.35rem;   padding-right: 1.35rem; padding-left: 1.35rem; margin-right: -1.2rem; width: 100%;\">\n                                                        <section class=\"abstract\">\n                                                            <p class=\"chapter-para\" style=\"text-align:justify;\">\n                                                                THE ESENTIAL CONTENT OF THE IUS IN OFFICIUM AND ITS LIMITACION BYTHE DECLARATION OF THE STATE OF ALARM. COMMENT TO STC 168\/2021.The controversy that arises in this amparo appeal is none other than the challenge to the agreement of theBoard of the Congress of Deputies to suspend the processing of parliamentary initiatives as a consequenceof the declaration of the state of alarm and to what extent with this suspension prevented the exerciseof the representative function by the Deputies and control over the Government, which also affected theadministrative, prescription and expiration periods of the administrative procedures of Congress. TheConstitutional Court resolved the violation of the fundamental right to political participation and the nullityof the agreement adopted by the Board of the Congress of Deputies.\n                                                            <\/p>\n                                                        <\/section>\n                                                    <\/div>\n                                                <\/li>\n                                            <\/ul>\n                                            <!-- \/.al-other-resource-links -->\n                                            <div class=\"al-expanded-section\" hidden=\"\" id=\"target5866681\">\n                                            <\/div>\n                                        <\/div>\n                                        <!-- \/.al-article-items -->\n                                    <\/div>\n                                    <!-- \/al-article-box al-normal -->\n                                    <div class=\"al-article-item-wrap al-normal\">\n                                        <div class=\"al-article-items\" id=\"articulos\">\n                                            <h5 class=\"customLink item-title\" data-resource-id-access=\"5866681\">\n                                                <a href=\"\/pa\/article\/73\/4\/831\/5866681\">\n                                                <\/a>\n                                                \u201cLa funci\u00f3n parlamentaria de orientaci\u00f3n e impulso en Andaluc\u00eda\u201d\n                                                <img decoding=\"async\" src=\"\/iconos\/Open_Access_logo_PLoS_white.svg\" style=\"height: 15px !important;\" title=\"Open Access\">\n                                                <\/img>\n                                                <i class=\"js-access-icon-placeholder icon-availability_open\" title=\"Open Access\">\n                                                <\/i>\n                                            <\/h5>\n                                            <!-- \/.customLink -->\n                                            <div class=\"al-authors-list\">\n                                                <span class=\"wi-fullname brand-fg\">\n                                                    <a href=\"mailto:juanmanuel.ulla@uca.es\" style=\"color: #488699;\">\n                                                        Juan Manual L\u00f3pez Ulla\n                                                        <img decoding=\"async\" src=\"\/iconos\/mail-svgrepo-com.svg\" style=\"height: 15px !important;\">\n                                                        <\/img>\n                                                    <\/a>\n                                                <\/span>\n                                                <span class=\"al-author-delim\">\n                                                    ,\n                                                <\/span>\n                                                <span class=\"wi-fullname brand-fg\">\n                                                    <a href=\"\/pdf\/3-JMLopez.pdf\" style=\"color: #488699;\" target=\"_blank\" rel=\"noopener\">\n                                                        <img decoding=\"async\" src=\"\/iconos\/pdf.svg\" style=\"height: 25px !important;\">\n                                                        <\/img>\n                                                        PDF\n                                                    <\/a>\n                                                <\/span>\n                                            <\/div>\n                                            <div class=\"pub-history-row clearfix\">\n                                                <div class=\"ww-citation-primary\">\n                                                    <em>\n                                                        Asuntos Constitucionales\n                                                    <\/em>\n                                                    , n\u00famero 3, julio-diciembre 2022, p\u00e1ginas 39-54\n                                                <\/div>\n                                            <\/div>\n                                            <div class=\"pub-history-row clearfix\">\n                                                <div class=\"ww-citation-primary\">\n                                                    Publicaci\u00f3n on-line: 30\/11\/2023\n                                                <\/div>\n                                            <\/div>\n                                            <ul class=\"al-other-resource-links\">\n                                                <!-- Article Abstract -->\n                                                <!-- Widget:ArticleAbstract Instance: -->\n                                                <li class=\"js-abstract-parent\">\n                                                    <!-- Widget:ArticleAbstract Instance: -->\n                                                    <div class=\"resource-link resource-abstract abstract\">\n                                                        <div class=\"abstract-link\">\n                                                            <a class=\"list-group-item\" data-parent=\"#articulos\" data-target=\"#3\" data-toggle=\"collapse\" style=\"border: none !important;\">\n                                                                Abstract\n                                                                <img decoding=\"async\" src=\"\/iconos\/sort-solid.svg\" style=\"height: 15px !important;\">\n                                                                <\/img>\n                                                            <\/a>\n                                                        <\/div>\n                                                    <\/div>\n                                                    <div aria-hidden=\"true\" class=\"sublinks collapse\" id=\"3\" style=\"background-color: #EFF2F7; padding: 1.35rem;   padding-right: 1.35rem; padding-left: 1.35rem; margin-right: -1.2rem; width: 100%;\">\n                                                        <section class=\"abstract\">\n                                                            <p class=\"chapter-para\" style=\"text-align:justify;\">\n                                                                THE OVERSIGHT AND STIMULUS FUNCTION IN THE ANDALUSIAN PARLIAMENT. One of the Parliament\u2019s main roles is to stimulus the political action of the Government. After an exhaustive analysis of the activity that is carried out in Andalusia in this regard, we have come to the conclusion that this role is in fact a modality of the function of control of the Government action.\n                                                            <\/p>\n                                                        <\/section>\n                                                    <\/div>\n                                                <\/li>\n                                            <\/ul>\n                                            <!-- \/.al-other-resource-links -->\n                                            <div class=\"al-expanded-section\" hidden=\"\" id=\"target5866681\">\n                                            <\/div>\n                                        <\/div>\n                                        <!-- \/.al-article-items -->\n                                    <\/div>\n                                    <!-- \/al-article-box al-normal -->\n                                    <div class=\"al-article-item-wrap al-normal\">\n                                        <div class=\"al-article-items\" id=\"articulos\">\n                                            <h5 class=\"customLink item-title\" data-resource-id-access=\"5866681\">\n                                                <a href=\"\/pa\/article\/73\/4\/831\/5866681\">\n                                                <\/a>\n                                                \u201cRestricciones de los derechos de reuni\u00f3n y manifestaci\u00f3n a causa de la pandemia COVID en la jurisdicci\u00f3n alemana\u201d\n                                                <img decoding=\"async\" src=\"\/iconos\/Open_Access_logo_PLoS_white.svg\" style=\"height: 15px !important;\" title=\"Open Access\">\n                                                <\/img>\n                                                <i class=\"js-access-icon-placeholder icon-availability_open\" title=\"Open Access\">\n                                                <\/i>\n                                            <\/h5>\n                                            <!-- \/.customLink -->\n                                            <div class=\"al-authors-list\">\n                                                <span class=\"wi-fullname brand-fg\">\n                                                    <a href=\"mailto:mailto:mjroca@der.ucm.es\" style=\"color: #488699;\">\n                                                        Mar\u00eda Jos\u00e9 Roca Fern\u00e1ndez\n                                                        <img decoding=\"async\" src=\"\/iconos\/mail-svgrepo-com.svg\" style=\"height: 15px !important;\">\n                                                        <\/img>\n                                                    <\/a>\n                                                <\/span>\n                                                <span class=\"al-author-delim\">\n                                                    ,\n                                                <\/span>\n                                                <span class=\"wi-fullname brand-fg\">\n                                                    <a href=\"\/pdf\/3-MJRoca.pdf\" style=\"color: #488699;\" target=\"_blank\" rel=\"noopener\">\n                                                        <img decoding=\"async\" src=\"\/iconos\/pdf.svg\" style=\"height: 25px !important;\">\n                                                        <\/img>\n                                                        PDF\n                                                    <\/a>\n                                                <\/span>\n                                            <\/div>\n                                            <div class=\"pub-history-row clearfix\">\n                                                <div class=\"ww-citation-primary\">\n                                                    <em>\n                                                        Asuntos Constitucionales\n                                                    <\/em>\n                                                    , n\u00famero 3, julio-diciembre 2022, p\u00e1ginas 55-68\n                                                <\/div>\n                                            <\/div>\n                                            <div class=\"pub-history-row clearfix\">\n                                                <div class=\"ww-citation-primary\">\n                                                    Publicaci\u00f3n on-line: 30\/11\/2023\n                                                <\/div>\n                                            <\/div>\n                                            <ul class=\"al-other-resource-links\">\n                                                <!-- Article Abstract -->\n                                                <!-- Widget:ArticleAbstract Instance: -->\n                                                <li class=\"js-abstract-parent\">\n                                                    <!-- Widget:ArticleAbstract Instance: -->\n                                                    <div class=\"resource-link resource-abstract abstract\">\n                                                        <div class=\"abstract-link\">\n                                                            <a class=\"list-group-item\" data-parent=\"#articulos\" data-target=\"#4\" data-toggle=\"collapse\" style=\"border: none !important;\">\n                                                                Abstract\n                                                                <img decoding=\"async\" src=\"\/iconos\/sort-solid.svg\" style=\"height: 15px !important;\">\n                                                                <\/img>\n                                                            <\/a>\n                                                        <\/div>\n                                                    <\/div>\n                                                    <div aria-hidden=\"true\" class=\"sublinks collapse\" id=\"4\" style=\"background-color: #EFF2F7; padding: 1.35rem;   padding-right: 1.35rem; padding-left: 1.35rem; margin-right: -1.2rem; width: 100%;\">\n                                                        <section class=\"abstract\">\n                                                            <p class=\"chapter-para\" style=\"text-align:justify;\">\n                                                                RESTRICTIONS ON ASSEMBLY AND DEMONSTRATION RIGHTS DUE TO THECOVID PANDEMIC IN GERMAN JURISPRUDENCE.The work summarizes the doctrine of the jurisprudence of the German Federal Constitutional Court on therestrictions on the rights of assembly and demonstration due to the pandemic. It is exposed to what extentthese decisions are a continuity with the previous doctrine and to what extent they can suppose a certainconstitutional mutation. German jurisprudence is compared with Spanish constitutional jurisprudence onthese rights, analyzing the similarities and differences between them from the point of view of the territorialstructuring of the State, whether the starting point is health law or emergency law, as well as as its relationshipwith European Law, especially that derived from the ECHR.\n                                                            <\/p>\n                                                        <\/section>\n                                                    <\/div>\n                                                <\/li>\n                                            <\/ul>\n                                            <!-- \/.al-other-resource-links -->\n                                            <div class=\"al-expanded-section\" hidden=\"\" id=\"target5866681\">\n                                            <\/div>\n                                        <\/div>\n                                        <!-- \/.al-article-items -->\n                                    <\/div>\n                                    <!-- \/al-article-box al-normal -->\n                                    <div class=\"al-article-item-wrap al-normal\">\n                                        <div class=\"al-article-items\" id=\"articulos\">\n                                            <h5 class=\"customLink item-title\" data-resource-id-access=\"5866681\">\n                                                <a href=\"\/pa\/article\/73\/4\/831\/5866681\">\n                                                <\/a>\n                                                \u201cEscenarios tras la pandemia en clave de gobernanza\u201d\n                                                <img decoding=\"async\" src=\"\/iconos\/Open_Access_logo_PLoS_white.svg\" style=\"height: 15px !important;\" title=\"Open Access\">\n                                                <\/img>\n                                                <i class=\"js-access-icon-placeholder icon-availability_open\" title=\"Open Access\">\n                                                <\/i>\n                                            <\/h5>\n                                            <!-- \/.customLink -->\n                                            <div class=\"al-authors-list\">\n                                                <span class=\"wi-fullname brand-fg\">\n                                                    <a href=\"mailto:aporras@us.es\" style=\"color: #488699;\">\n                                                        Antonio J. Porras Nadales\n                                                        <img decoding=\"async\" src=\"\/iconos\/mail-svgrepo-com.svg\" style=\"height: 15px !important;\">\n                                                        <\/img>\n                                                    <\/a>\n                                                <\/span>\n                                                <span class=\"al-author-delim\">\n                                                    ,\n                                                <\/span>\n                                                <span class=\"wi-fullname brand-fg\">\n                                                    <a href=\"\/pdf\/3-AJPorras.pdf\" style=\"color: #488699;\" target=\"_blank\" rel=\"noopener\">\n                                                        <img decoding=\"async\" src=\"\/iconos\/pdf.svg\" style=\"height: 25px !important;\">\n                                                        <\/img>\n                                                        PDF\n                                                    <\/a>\n                                                <\/span>\n                                            <\/div>\n                                            <div class=\"pub-history-row clearfix\">\n                                                <div class=\"ww-citation-primary\">\n                                                    <em>\n                                                        Asuntos Constitucionales\n                                                    <\/em>\n                                                    , n\u00famero 3, julio-diciembre 2022, p\u00e1ginas 69-76\n                                                <\/div>\n                                            <\/div>\n                                            <div class=\"pub-history-row clearfix\">\n                                                <div class=\"ww-citation-primary\">\n                                                    Publicaci\u00f3n on-line: 30\/11\/2023\n                                                <\/div>\n                                            <\/div>\n                                            <ul class=\"al-other-resource-links\">\n                                                <!-- Article Abstract -->\n                                                <!-- Widget:ArticleAbstract Instance: -->\n                                                <li class=\"js-abstract-parent\">\n                                                    <!-- Widget:ArticleAbstract Instance: -->\n                                                    <div class=\"resource-link resource-abstract abstract\">\n                                                        <div class=\"abstract-link\">\n                                                            <a class=\"list-group-item\" data-parent=\"#articulos\" data-target=\"#5\" data-toggle=\"collapse\" style=\"border: none !important;\">\n                                                                Abstract\n                                                                <img decoding=\"async\" src=\"\/iconos\/sort-solid.svg\" style=\"height: 15px !important;\">\n                                                                <\/img>\n                                                            <\/a>\n                                                        <\/div>\n                                                    <\/div>\n                                                    <div aria-hidden=\"true\" class=\"sublinks collapse\" id=\"5\" style=\"background-color: #EFF2F7; padding: 1.35rem;   padding-right: 1.35rem; padding-left: 1.35rem; margin-right: -1.2rem; width: 100%;\">\n                                                        <section class=\"abstract\">\n                                                            <p class=\"chapter-para\" style=\"text-align:justify;\">\n                                                                SCENARIOS FOLLOWING THE PANDEMIC IN TERMS OF GOVERNANCE. The mode of response to the emergency of the pandemic has served to set some guidelines for the evolution of democracy in the 21st century. Faced with the historical inertia of the past, embodied in models of high centralization of power, the governance options lean instead towards styles that bet on decentralization, advancing towards network systems with participatory presence of society and expert knowledge.\n                                                            <\/p>\n                                                        <\/section>\n                                                    <\/div>\n                                                <\/li>\n                                            <\/ul>\n                                            <!-- \/.al-other-resource-links -->\n                                            <div class=\"al-expanded-section\" hidden=\"\" id=\"target5866681\">\n                                            <\/div>\n                                        <\/div>\n                                        <!-- \/.al-article-items -->\n                                    <\/div>\n                                    <!-- \/al-article-box al-normal -->\n                                    <div class=\"al-article-item-wrap al-normal\">\n                                        <div class=\"al-article-items\" id=\"articulos\">\n                                            <h5 class=\"customLink item-title\" data-resource-id-access=\"5866681\">\n                                                <a href=\"\/pa\/article\/73\/4\/831\/5866681\">\n                                                <\/a>\n                                                \u201cEstado de alarma, elecciones y derecho de sufragio\u201d\n                                                <img decoding=\"async\" src=\"\/iconos\/Open_Access_logo_PLoS_white.svg\" style=\"height: 15px !important;\" title=\"Open Access\">\n                                                <\/img>\n                                                <i class=\"js-access-icon-placeholder icon-availability_open\" title=\"Open Access\">\n                                                <\/i>\n                                            <\/h5>\n                                            <!-- \/.customLink -->\n                                            <div class=\"al-authors-list\">\n                                                <span class=\"wi-fullname brand-fg\">\n                                                    <a href=\"mailto:aanguita@ujaen.es\" style=\"color: #488699;\">\n                                                        Alberto Anguita Susi\n                                                        <img decoding=\"async\" src=\"\/iconos\/mail-svgrepo-com.svg\" style=\"height: 15px !important;\">\n                                                        <\/img>\n                                                    <\/a>\n                                                <\/span>\n                                                <span class=\"al-author-delim\">\n                                                    ,\n                                                <\/span>\n                                                <span class=\"wi-fullname brand-fg\">\n                                                    <a href=\"\/pdf\/3-AAnguita.pdf\" style=\"color: #488699;\" target=\"_blank\" rel=\"noopener\">\n                                                        <img decoding=\"async\" src=\"\/iconos\/pdf.svg\" style=\"height: 25px !important;\">\n                                                        <\/img>\n                                                        PDF\n                                                    <\/a>\n                                                <\/span>\n                                            <\/div>\n                                            <div class=\"pub-history-row clearfix\">\n                                                <div class=\"ww-citation-primary\">\n                                                    <em>\n                                                        Asuntos Constitucionales\n                                                    <\/em>\n                                                    , n\u00famero 3, julio-diciembre 2022, p\u00e1ginas 77-84\n                                                <\/div>\n                                            <\/div>\n                                            <div class=\"pub-history-row clearfix\">\n                                                <div class=\"ww-citation-primary\">\n                                                    Publicaci\u00f3n on-line: 30\/11\/2023\n                                                <\/div>\n                                            <\/div>\n                                            <ul class=\"al-other-resource-links\">\n                                                <!-- Article Abstract -->\n                                                <!-- Widget:ArticleAbstract Instance: -->\n                                                <li class=\"js-abstract-parent\">\n                                                    <!-- Widget:ArticleAbstract Instance: -->\n                                                    <div class=\"resource-link resource-abstract abstract\">\n                                                        <div class=\"abstract-link\">\n                                                            <a class=\"list-group-item\" data-parent=\"#articulos\" data-target=\"#6\" data-toggle=\"collapse\" style=\"border: none !important;\">\n                                                                Abstract\n                                                                <img decoding=\"async\" src=\"\/iconos\/sort-solid.svg\" style=\"height: 15px !important;\">\n                                                                <\/img>\n                                                            <\/a>\n                                                        <\/div>\n                                                    <\/div>\n                                                    <div aria-hidden=\"true\" class=\"sublinks collapse\" id=\"6\" style=\"background-color: #EFF2F7; padding: 1.35rem;   padding-right: 1.35rem; padding-left: 1.35rem; margin-right: -1.2rem; width: 100%;\">\n                                                        <section class=\"abstract\">\n                                                            <p class=\"chapter-para\" style=\"text-align:justify;\">\n                                                                STATE OF ALARM, ELECTIONS AND RIGHT TO VOTE.The declaration of a state of alarm should not suppose, despite the circumstances, an insurmountableobstacle to the exercise of fundamental rights and public liberties. Especially when it comes to the right toparticipate in public affairs through freely chosen representatives in periodic elections by universal suffrage,as required by art. 23.1 of Spanish Constitution.Instead of prioritizing or prioritizing the exercise of one right over another, it is necessary to adoptproportionate measures that make it possible to combine the unavoidable protection of life and physicalintegrity in a pandemic situation, with the necessary exercise of the rights of political participation, that formthe basis of any democratic system.\n                                                            <\/p>\n                                                        <\/section>\n                                                    <\/div>\n                                                <\/li>\n                                            <\/ul>\n                                            <!-- \/.al-other-resource-links -->\n                                            <div class=\"al-expanded-section\" hidden=\"\" id=\"target5866681\">\n                                            <\/div>\n                                        <\/div>\n                                        <!-- \/.al-article-items -->\n                                    <\/div>\n                                <\/div>\n                            <\/section>\n                        <\/div>\n                    <\/div>\n                    <!-- \/#resourceTypeList-[instanceName] -->\n                <\/input>\n            <\/div>\n            <!--<div class=\"issue-browse__supplement-list-wrap\">\n                <ul class=\"issue-browse__supplement-list\">\n                    <li>\n                        <a class=\"al-link pdf article-pdfLink\" href=\"\/pa\/issue-pdf\/73\/4\/33836356\">\n                            <img decoding=\"async\" alt=\"pdf\" src=\"\/\/oup.silverchair-cdn.com\/UI\/app\/svg\/pdf.svg\">\n                                <i class=\"icon-file-pdf\">\n                                <\/i>\n                                <span>\n                                    Front Matter\n                                <\/span>\n                            <\/img>\n                        <\/a>\n                    <\/li>\n                    <li>\n                        <a class=\"al-link pdf article-pdfLink\" href=\"\/pa\/issue-pdf\/73\/4\/33836358\">\n                            <img decoding=\"async\" alt=\"pdf\" src=\"\/\/oup.silverchair-cdn.com\/UI\/app\/svg\/pdf.svg\">\n                                <i class=\"icon-file-pdf\">\n                                <\/i>\n                                <span>\n                                    Table of Contents\n                                <\/span>\n                            <\/img>\n                        <\/a>\n                    <\/li>\n                    <li>\n                        <a class=\"al-link pdf article-pdfLink\" href=\"\/pa\/issue-pdf\/73\/4\/33836357\">\n                            <img decoding=\"async\" alt=\"pdf\" src=\"\/\/oup.silverchair-cdn.com\/UI\/app\/svg\/pdf.svg\">\n                                <i class=\"icon-file-pdf\">\n                                <\/i>\n                                <span>\n                                    Back Matter\n                                <\/span>\n                            <\/img>\n                        <\/a>\n                    <\/li>\n                <\/ul>\n            <\/div>\n            <div class=\"all-issues\">\n                <a href=\"\/pa\/issue-archive\">\n                    All issues\n                <\/a>\n            <\/div>-->\n        <\/div>\n    <\/div>\n<\/section>\n","protected":false},"excerpt":{"rendered":"<p>Art\u00edculos Desde los c\u00f3digos, constituci\u00f3n de la burgues\u00eda, hacia la \u00abhiperconstitucionalizaci\u00f3n\u201d del derecho civil globalizado Lucio Pegoraro , PDF Asuntos Constitucionales , n\u00famero 3, julio-diciembre 2022, p\u00e1ginas 5-25 Publicaci\u00f3n on-line: 30\/11\/2023 Abstract The article addresses the thesis that civil law <a href=\"https:\/\/www.asuntosconstitucionales.com\/\"> Read more&#8230;<\/a><\/p>\n","protected":false},"author":1,"featured_media":0,"parent":0,"menu_order":0,"comment_status":"closed","ping_status":"closed","template":"template-right-sidebar.php","meta":[],"_links":{"self":[{"href":"https:\/\/www.asuntosconstitucionales.com\/index.php\/wp-json\/wp\/v2\/pages\/297"}],"collection":[{"href":"https:\/\/www.asuntosconstitucionales.com\/index.php\/wp-json\/wp\/v2\/pages"}],"about":[{"href":"https:\/\/www.asuntosconstitucionales.com\/index.php\/wp-json\/wp\/v2\/types\/page"}],"author":[{"embeddable":true,"href":"https:\/\/www.asuntosconstitucionales.com\/index.php\/wp-json\/wp\/v2\/users\/1"}],"replies":[{"embeddable":true,"href":"https:\/\/www.asuntosconstitucionales.com\/index.php\/wp-json\/wp\/v2\/comments?post=297"}],"version-history":[{"count":1,"href":"https:\/\/www.asuntosconstitucionales.com\/index.php\/wp-json\/wp\/v2\/pages\/297\/revisions"}],"predecessor-version":[{"id":298,"href":"https:\/\/www.asuntosconstitucionales.com\/index.php\/wp-json\/wp\/v2\/pages\/297\/revisions\/298"}],"wp:attachment":[{"href":"https:\/\/www.asuntosconstitucionales.com\/index.php\/wp-json\/wp\/v2\/media?parent=297"}],"curies":[{"name":"wp","href":"https:\/\/api.w.org\/{rel}","templated":true}]}}